{"id":4112,"date":"2023-04-25T07:11:58","date_gmt":"2023-04-25T07:11:58","guid":{"rendered":"https:\/\/caminos.udc.es\/hosting\/web\/?page_id=4112"},"modified":"2026-04-20T14:37:41","modified_gmt":"2026-04-20T14:37:41","slug":"junta-de-escuela","status":"publish","type":"page","link":"https:\/\/caminos.udc.es\/hosting\/web\/index.php\/junta-de-escuela\/","title":{"rendered":"Junta de Escuela"},"content":{"rendered":"\t\t<div data-elementor-type=\"wp-page\" data-elementor-id=\"4112\" class=\"elementor elementor-4112\">\n\t\t\t\t\t\t<section class=\"elementor-section elementor-top-section elementor-element elementor-element-c529b54 elementor-section-boxed elementor-section-height-default elementor-section-height-default\" data-id=\"c529b54\" data-element_type=\"section\" data-e-type=\"section\">\n\t\t\t\t\t\t<div class=\"elementor-container elementor-column-gap-default\">\n\t\t\t\t\t<div class=\"elementor-column elementor-col-100 elementor-top-column elementor-element elementor-element-d3fd6d0\" data-id=\"d3fd6d0\" data-element_type=\"column\" data-e-type=\"column\">\n\t\t\t<div class=\"elementor-widget-wrap elementor-element-populated\">\n\t\t\t\t\t\t<div class=\"elementor-element elementor-element-64a5182 elementor-widget elementor-widget-text-editor\" data-id=\"64a5182\" data-element_type=\"widget\" data-e-type=\"widget\" data-widget_type=\"text-editor.default\">\n\t\t\t\t<div class=\"elementor-widget-container\">\n\t\t\t\t\t\t\t\t\t<div>La Junta de Escuela es el \u00f3rgano colegiado de m\u00e1xima representaci\u00f3n. Le corresponden funciones de normativa interna, de control y de expresi\u00f3n de la posici\u00f3n y de las aspiraciones de la comunidad de la Escuela.<\/div>\n<div>&nbsp;<span style=\"font-size: 13px\">&nbsp; &nbsp;<\/span><\/div>\t\t\t\t\t\t\t\t<\/div>\n\t\t\t\t<\/div>\n\t\t\t\t\t<\/div>\n\t\t<\/div>\n\t\t\t\t\t<\/div>\n\t\t<\/section>\n\t\t\t\t<section class=\"elementor-section elementor-top-section elementor-element elementor-element-d300b18 elementor-section-boxed elementor-section-height-default elementor-section-height-default\" data-id=\"d300b18\" data-element_type=\"section\" data-e-type=\"section\">\n\t\t\t\t\t\t<div class=\"elementor-container elementor-column-gap-default\">\n\t\t\t\t\t<div class=\"elementor-column elementor-col-100 elementor-top-column elementor-element elementor-element-7457cc0\" data-id=\"7457cc0\" data-element_type=\"column\" data-e-type=\"column\">\n\t\t\t<div class=\"elementor-widget-wrap elementor-element-populated\">\n\t\t\t\t\t\t<div class=\"elementor-element elementor-element-c83ca1d elementor-position-inline-start elementor-view-default elementor-mobile-position-block-start elementor-widget elementor-widget-icon-box\" data-id=\"c83ca1d\" data-element_type=\"widget\" data-e-type=\"widget\" data-widget_type=\"icon-box.default\">\n\t\t\t\t<div class=\"elementor-widget-container\">\n\t\t\t\t\t\t\t<div class=\"elementor-icon-box-wrapper\">\n\n\t\t\t\t\t\t<div class=\"elementor-icon-box-icon\">\n\t\t\t\t<span  class=\"elementor-icon\">\n\t\t\t\t<i aria-hidden=\"true\" class=\"far fa-address-card\"><\/i>\t\t\t\t<\/span>\n\t\t\t<\/div>\n\t\t\t\n\t\t\t\t\t\t<div class=\"elementor-icon-box-content\">\n\n\t\t\t\t\t\t\t\t\t<h3 class=\"elementor-icon-box-title\">\n\t\t\t\t\t\t<span  >\n\t\t\t\t\t\t\tFunciones\t\t\t\t\t\t<\/span>\n\t\t\t\t\t<\/h3>\n\t\t\t\t\n\t\t\t\t\n\t\t\t<\/div>\n\t\t\t\n\t\t<\/div>\n\t\t\t\t\t\t<\/div>\n\t\t\t\t<\/div>\n\t\t\t\t<div class=\"elementor-element elementor-element-27af59b elementor-widget elementor-widget-text-editor\" data-id=\"27af59b\" data-element_type=\"widget\" data-e-type=\"widget\" data-widget_type=\"text-editor.default\">\n\t\t\t\t<div class=\"elementor-widget-container\">\n\t\t\t\t\t\t\t\t\t<ul><li>Elegir a la direcci\u00f3n de la Escuela<\/li><li>Elegir a los miembros de otras comisiones<\/li><li>Elaborar propuestas de creaci\u00f3n, modificaci\u00f3n y supresi\u00f3n de titulaciones y planes de estudios<\/li><li>Proponer iniciativas y aspiraciones y manifestar su opini\u00f3n sobre problemas que afecten a la universidad y a su entorno<\/li><li>Distribuir los presupuestos asignados a la Escuela, controlar su aplicaci\u00f3n y sancionar la gesti\u00f3n econ\u00f3mica de la direcci\u00f3n<\/li><\/ul>\t\t\t\t\t\t\t\t<\/div>\n\t\t\t\t<\/div>\n\t\t\t\t<div class=\"elementor-element elementor-element-c2f0e5e elementor-position-inline-start elementor-view-default elementor-mobile-position-block-start elementor-widget elementor-widget-icon-box\" data-id=\"c2f0e5e\" data-element_type=\"widget\" data-e-type=\"widget\" data-widget_type=\"icon-box.default\">\n\t\t\t\t<div class=\"elementor-widget-container\">\n\t\t\t\t\t\t\t<div class=\"elementor-icon-box-wrapper\">\n\n\t\t\t\t\t\t<div class=\"elementor-icon-box-icon\">\n\t\t\t\t<span  class=\"elementor-icon\">\n\t\t\t\t<i aria-hidden=\"true\" class=\"far fa-user\"><\/i>\t\t\t\t<\/span>\n\t\t\t<\/div>\n\t\t\t\n\t\t\t\t\t\t<div class=\"elementor-icon-box-content\">\n\n\t\t\t\t\t\t\t\t\t<h3 class=\"elementor-icon-box-title\">\n\t\t\t\t\t\t<span  >\n\t\t\t\t\t\t\tMiembros natos\t\t\t\t\t\t<\/span>\n\t\t\t\t\t<\/h3>\n\t\t\t\t\n\t\t\t\t\n\t\t\t<\/div>\n\t\t\t\n\t\t<\/div>\n\t\t\t\t\t\t<\/div>\n\t\t\t\t<\/div>\n\t\t\t\t<div class=\"elementor-element elementor-element-2c95ff0 elementor-widget elementor-widget-text-editor\" data-id=\"2c95ff0\" data-element_type=\"widget\" data-e-type=\"widget\" data-widget_type=\"text-editor.default\">\n\t\t\t\t<div class=\"elementor-widget-container\">\n\t\t\t\t\t\t\t\t\t<ul><li>El director o directora, que la preside<\/li><li>Los subdirectores y subdirectoras<\/li><li>El secretario o secretaria acad\u00e9mica<\/li><li>El profesorado con vinculaci\u00f3n permanente con la universidad (51%)<\/li><\/ul>\t\t\t\t\t\t\t\t<\/div>\n\t\t\t\t<\/div>\n\t\t\t\t<div class=\"elementor-element elementor-element-9f90560 elementor-position-inline-start elementor-view-default elementor-mobile-position-block-start elementor-widget elementor-widget-icon-box\" data-id=\"9f90560\" data-element_type=\"widget\" data-e-type=\"widget\" data-widget_type=\"icon-box.default\">\n\t\t\t\t<div class=\"elementor-widget-container\">\n\t\t\t\t\t\t\t<div class=\"elementor-icon-box-wrapper\">\n\n\t\t\t\t\t\t<div class=\"elementor-icon-box-icon\">\n\t\t\t\t<span  class=\"elementor-icon\">\n\t\t\t\t<i aria-hidden=\"true\" class=\"far fa-user\"><\/i>\t\t\t\t<\/span>\n\t\t\t<\/div>\n\t\t\t\n\t\t\t\t\t\t<div class=\"elementor-icon-box-content\">\n\n\t\t\t\t\t\t\t\t\t<h3 class=\"elementor-icon-box-title\">\n\t\t\t\t\t\t<span  >\n\t\t\t\t\t\t\tMiembros electos\t\t\t\t\t\t<\/span>\n\t\t\t\t\t<\/h3>\n\t\t\t\t\n\t\t\t\t\n\t\t\t<\/div>\n\t\t\t\n\t\t<\/div>\n\t\t\t\t\t\t<\/div>\n\t\t\t\t<\/div>\n\t\t\t\t<div class=\"elementor-element elementor-element-7af0311 elementor-widget elementor-widget-text-editor\" data-id=\"7af0311\" data-element_type=\"widget\" data-e-type=\"widget\" data-widget_type=\"text-editor.default\">\n\t\t\t\t<div class=\"elementor-widget-container\">\n\t\t\t\t\t\t\t\t\t<ul><li style=\"font-size: 13px;\">Una representaci\u00f3n del profesorado con docencia mayoritaria en la Escuela (12%)<\/li><li style=\"font-size: 13px;\">Una representaci\u00f3n del estudiantado (27%)<\/li><li style=\"font-size: 13px;\">Una representaci\u00f3n del PTXAS (10%)<\/li><\/ul>\t\t\t\t\t\t\t\t<\/div>\n\t\t\t\t<\/div>\n\t\t\t\t<div class=\"elementor-element elementor-element-8d04234 elementor-widget elementor-widget-heading\" data-id=\"8d04234\" data-element_type=\"widget\" data-e-type=\"widget\" data-widget_type=\"heading.default\">\n\t\t\t\t<div class=\"elementor-widget-container\">\n\t\t\t\t\t<h2 class=\"elementor-heading-title elementor-size-default\">Relaci\u00f3n de Miembros<\/h2>\t\t\t\t<\/div>\n\t\t\t\t<\/div>\n\t\t\t\t\t<\/div>\n\t\t<\/div>\n\t\t\t\t\t<\/div>\n\t\t<\/section>\n\t\t\t\t<section class=\"elementor-section elementor-top-section elementor-element elementor-element-496578b elementor-section-boxed elementor-section-height-default elementor-section-height-default\" data-id=\"496578b\" data-element_type=\"section\" data-e-type=\"section\">\n\t\t\t\t\t\t<div class=\"elementor-container elementor-column-gap-default\">\n\t\t\t\t\t<div class=\"elementor-column elementor-col-100 elementor-top-column elementor-element elementor-element-c64e6d1\" data-id=\"c64e6d1\" data-element_type=\"column\" data-e-type=\"column\">\n\t\t\t<div class=\"elementor-widget-wrap elementor-element-populated\">\n\t\t\t\t\t\t<div class=\"elementor-element elementor-element-d50524e elementor-widget elementor-widget-accordion\" data-id=\"d50524e\" data-element_type=\"widget\" data-e-type=\"widget\" data-widget_type=\"accordion.default\">\n\t\t\t\t<div class=\"elementor-widget-container\">\n\t\t\t\t\t\t\t<div class=\"elementor-accordion\">\n\t\t\t\t\t\t\t<div class=\"elementor-accordion-item\">\n\t\t\t\t\t<div id=\"elementor-tab-title-2231\" class=\"elementor-tab-title\" data-tab=\"1\" role=\"button\" aria-controls=\"elementor-tab-content-2231\" aria-expanded=\"false\">\n\t\t\t\t\t\t\t\t\t\t\t\t\t<span class=\"elementor-accordion-icon elementor-accordion-icon-left\" aria-hidden=\"true\">\n\t\t\t\t\t\t\t\t\t\t\t\t\t\t\t<span class=\"elementor-accordion-icon-closed\"><i class=\"fas fa-plus\"><\/i><\/span>\n\t\t\t\t\t\t\t\t<span class=\"elementor-accordion-icon-opened\"><i class=\"fas fa-minus\"><\/i><\/span>\n\t\t\t\t\t\t\t\t\t\t\t\t\t\t<\/span>\n\t\t\t\t\t\t\t\t\t\t\t\t<a class=\"elementor-accordion-title\" tabindex=\"0\">Relaci\u00f3n completa de miembros de la Junta de Escuela<\/a>\n\t\t\t\t\t<\/div>\n\t\t\t\t\t<div id=\"elementor-tab-content-2231\" class=\"elementor-tab-content elementor-clearfix\" data-tab=\"1\" role=\"region\" aria-labelledby=\"elementor-tab-title-2231\"><p><a href=\"https:\/\/caminos.udc.es\/hosting\/web\/wp-content\/uploads\/2026_Xunta_Escola.pdf\">Documento descargable en PDF<\/a><\/p><\/div>\n\t\t\t\t<\/div>\n\t\t\t\t\t\t\t<div class=\"elementor-accordion-item\">\n\t\t\t\t\t<div id=\"elementor-tab-title-2232\" class=\"elementor-tab-title\" data-tab=\"2\" role=\"button\" aria-controls=\"elementor-tab-content-2232\" aria-expanded=\"false\">\n\t\t\t\t\t\t\t\t\t\t\t\t\t<span class=\"elementor-accordion-icon elementor-accordion-icon-left\" aria-hidden=\"true\">\n\t\t\t\t\t\t\t\t\t\t\t\t\t\t\t<span class=\"elementor-accordion-icon-closed\"><i class=\"fas fa-plus\"><\/i><\/span>\n\t\t\t\t\t\t\t\t<span class=\"elementor-accordion-icon-opened\"><i class=\"fas fa-minus\"><\/i><\/span>\n\t\t\t\t\t\t\t\t\t\t\t\t\t\t<\/span>\n\t\t\t\t\t\t\t\t\t\t\t\t<a class=\"elementor-accordion-title\" tabindex=\"0\">Profesorado con vinculaci\u00f3n permanente<\/a>\n\t\t\t\t\t<\/div>\n\t\t\t\t\t<div id=\"elementor-tab-content-2232\" class=\"elementor-tab-content elementor-clearfix\" data-tab=\"2\" role=\"region\" aria-labelledby=\"elementor-tab-title-2232\"><p>\u00c1lvarez Garc\u00eda Julia<br \/>Anta \u00c1lvarez Jos\u00e9<br \/>Baldomir Garc\u00eda Aitor<br \/>Barrientos Rodr\u00edguez V\u00edctor<br \/>Cagiao Villar Juan<br \/>Carro L\u00f3pez Diego<br \/>Cea G\u00f3mez Luis<br \/>Colominas Ezponda Ignasi<br \/>Delgado Mart\u00edn Jordi<br \/>D\u00edaz Garc\u00eda Jacobo Manuel<br \/>Dom\u00ednguez P\u00e9rez Xabier Eduardo<br \/>Eiras L\u00f3pez Javier<br \/>F\u00e9 Marques Jaime<br \/>Font\u00e1n P\u00e9rez Arturo Norberto<br \/>Fuentes Garc\u00eda Luis<br \/>Gal\u00e1n D\u00edaz Juan Jos\u00e9<br \/>Gonz\u00e1lez Fonteboa Bel\u00e9n<br \/>Herrador Barrios Manuel Francisco<br \/>J\u00e1come Burgos Alfredo<br \/>Juncosa Rivera Ricardo<br \/>Jurado Albarrac\u00edn-Martin\u00f3n Jos\u00e9 \u00c1ngel<br \/>Mart\u00ednez Abella Fernando<br \/>Mart\u00ednez Lage Isabel<br \/>Medina Rodr\u00edguez Luis Esteban<br \/>Montenegro P\u00e9rez Luis<br \/>Navarrina Mart\u00ednez Ferm\u00edn Luis<br \/>Nieto Mouronte F\u00e9lix<br \/>Nogueira Garea Xes\u00fas Ant\u00f3n<br \/>Novales Ordax Margarita<br \/>Orro Arcay Alfonso<br \/>Par\u00eds L\u00f3pez Jos\u00e9<br \/>Pena Mosquera Luis<br \/>Pe\u00f1a Gonzalez Enrique<br \/>P\u00e9rez P\u00e9rez Ignacio<br \/>Puertas Agudo Jer\u00f3nimo<br \/>Ram\u00edrez Palacios Luis<br \/>Rodr\u00edguez Bugar\u00edn Miguel Domingo<br \/>Rodr\u00edguez Pasand\u00edn Ana M.<br \/>Rodr\u00edguez-Vellando Pablo<br \/>Romera Rodr\u00edguez Luis Esteban<br \/>Samper Calvete Francisco Javier<br \/>Seara Paza Sindy<br \/>Su\u00e1rez L\u00f3pez Joaqu\u00edn<br \/>Taboada V\u00e1zquez Raquel<br \/>Varela Garc\u00eda Francisco Alberto<br \/>Vasallo Rapela Alejandro Manuel<br \/>V\u00e1zquez Gonz\u00e1lez Ana Mar\u00eda<br \/>V\u00e1zquez Herrero Cristina<\/p><\/div>\n\t\t\t\t<\/div>\n\t\t\t\t\t\t\t<div class=\"elementor-accordion-item\">\n\t\t\t\t\t<div id=\"elementor-tab-title-2233\" class=\"elementor-tab-title\" data-tab=\"3\" role=\"button\" aria-controls=\"elementor-tab-content-2233\" aria-expanded=\"false\">\n\t\t\t\t\t\t\t\t\t\t\t\t\t<span class=\"elementor-accordion-icon elementor-accordion-icon-left\" aria-hidden=\"true\">\n\t\t\t\t\t\t\t\t\t\t\t\t\t\t\t<span class=\"elementor-accordion-icon-closed\"><i class=\"fas fa-plus\"><\/i><\/span>\n\t\t\t\t\t\t\t\t<span class=\"elementor-accordion-icon-opened\"><i class=\"fas fa-minus\"><\/i><\/span>\n\t\t\t\t\t\t\t\t\t\t\t\t\t\t<\/span>\n\t\t\t\t\t\t\t\t\t\t\t\t<a class=\"elementor-accordion-title\" tabindex=\"0\">Restantes categor\u00edas de PDI<\/a>\n\t\t\t\t\t<\/div>\n\t\t\t\t\t<div id=\"elementor-tab-content-2233\" class=\"elementor-tab-content elementor-clearfix\" data-tab=\"3\" role=\"region\" aria-labelledby=\"elementor-tab-title-2233\"><p>\u00c1lvarez Naveira Antonio Jos\u00e9<br \/>Ant\u00f3n Casado Arturo<br \/>Couceiro Aguiar Iv\u00e1n<br \/>Eiroa Mart\u00ednez Daniel<br \/>Fern\u00e1ndez Ru\u00edz Jes\u00fas<br \/>Lorenzo G\u00f3mez Guillermo<br \/>Mu\u00f1oz Ib\u00e1\u00f1ez Andrea<br \/>Naves Garc\u00eda-Rendueles Acacia<br \/>Rodr\u00edguez Pardo\u00a0Juan Antonio<br \/>Sande Gonz\u00e1lez-Cela Jos\u00e9<br \/>Soriano Hoyuelos Mar\u00eda Gemma<\/p><\/div>\n\t\t\t\t<\/div>\n\t\t\t\t\t\t\t<div class=\"elementor-accordion-item\">\n\t\t\t\t\t<div id=\"elementor-tab-title-2234\" class=\"elementor-tab-title\" data-tab=\"4\" role=\"button\" aria-controls=\"elementor-tab-content-2234\" aria-expanded=\"false\">\n\t\t\t\t\t\t\t\t\t\t\t\t\t<span class=\"elementor-accordion-icon elementor-accordion-icon-left\" aria-hidden=\"true\">\n\t\t\t\t\t\t\t\t\t\t\t\t\t\t\t<span class=\"elementor-accordion-icon-closed\"><i class=\"fas fa-plus\"><\/i><\/span>\n\t\t\t\t\t\t\t\t<span class=\"elementor-accordion-icon-opened\"><i class=\"fas fa-minus\"><\/i><\/span>\n\t\t\t\t\t\t\t\t\t\t\t\t\t\t<\/span>\n\t\t\t\t\t\t\t\t\t\t\t\t<a class=\"elementor-accordion-title\" tabindex=\"0\">Estudiantes<\/a>\n\t\t\t\t\t<\/div>\n\t\t\t\t\t<div id=\"elementor-tab-content-2234\" class=\"elementor-tab-content elementor-clearfix\" data-tab=\"4\" role=\"region\" aria-labelledby=\"elementor-tab-title-2234\"><p>Attouch\u00a0<span style=\"font-size: 13px;\">Bayoud\u00a0<\/span><span style=\"font-size: 13px;\">Khadija<\/span><br \/>Carro\u00a0<span style=\"font-size: 13px;\">P\u00e9rez\u00a0<\/span><span style=\"font-size: 13px;\">Paula<\/span><br \/>D\u00edaz\u00a0<span style=\"font-size: 13px;\">Blanco\u00a0<\/span><span style=\"font-size: 13px;\">Carlos<\/span><br \/>Espi\u00f1eira\u00a0<span style=\"font-size: 13px;\">Pravia\u00a0<\/span><span style=\"font-size: 13px;\">Pablo<\/span><br \/>Franco\u00a0<span style=\"font-size: 13px;\">Figueira\u00a0<\/span><span style=\"font-size: 13px;\">Alberto<\/span><br \/>Garc\u00eda\u00a0<span style=\"font-size: 13px;\">\u00c1lvarez\u00a0<\/span><span style=\"font-size: 13px;\">Jaime<\/span><br \/>Garc\u00eda\u00a0<span style=\"font-size: 13px;\">Mayobre\u00a0<\/span><span style=\"font-size: 13px;\">David<\/span><br \/>G\u00f3mez\u00a0<span style=\"font-size: 13px;\">Pasand\u00edn\u00a0<\/span><span style=\"font-size: 13px;\">Carla<\/span><br \/>Kolybaba\u00a0<span style=\"font-size: 13px;\">Celma\u00a0<\/span><span style=\"font-size: 13px;\">Liam Sasha<\/span><br \/>L\u00f3pez\u00a0<span style=\"font-size: 13px;\">Alfonso\u00a0<\/span><span style=\"font-size: 13px;\">H\u00e9ctor<\/span><br \/>Rego\u00a0<span style=\"font-size: 13px;\">Sapena\u00a0<\/span><span style=\"font-size: 13px;\">Pablo<\/span><br \/>Rodr\u00edguez\u00a0<span style=\"font-size: 13px;\">Gonz\u00e1lez\u00a0<\/span><span style=\"font-size: 13px;\">Ainhoa<\/span><br \/>Romera\u00a0<span style=\"font-size: 13px;\">Guti\u00e9rrez\u00a0<\/span><span style=\"font-size: 13px;\">Iria<\/span><br \/>Romeral\u00a0<span style=\"font-size: 13px;\">S\u00e1nchez\u00a0<\/span><span style=\"font-size: 13px;\">Lydia<\/span><br \/>Seisdedos\u00a0<span style=\"font-size: 13px;\">Garc\u00eda\u00a0<\/span><span style=\"font-size: 13px;\">Irene<\/span><br \/>Su\u00e1rez\u00a0<span style=\"font-size: 13px;\">Vega\u00a0<\/span><span style=\"font-size: 13px;\">Ra\u00fal Ernesto<\/span><br \/><span style=\"font-size: 13px;\">Trillo\u00a0<\/span><span style=\"font-size: 13px;\">Valeiro\u00a0<\/span><span style=\"font-size: 13px;\">Miguel<\/span><br \/>Varela\u00a0<span style=\"font-size: 13px;\">P\u00e9rez\u00a0<\/span><span style=\"font-size: 13px;\">Carlos Arbren<\/span><br \/>V\u00e1zquez-Pena\u00a0<span style=\"font-size: 13px;\">Romero\u00a0<\/span><span style=\"font-size: 13px;\">Jaime<\/span><br \/>Villaverde\u00a0<span style=\"font-size: 13px;\">Mouri\u00f1o\u00a0<\/span><span style=\"font-size: 13px;\">Ismael<\/span><br \/>Villaverde\u00a0<span style=\"font-size: 13px;\">Rodr\u00edguez\u00a0<\/span><span style=\"font-size: 13px;\">Brais<\/span><\/p><\/div>\n\t\t\t\t<\/div>\n\t\t\t\t\t\t\t<div class=\"elementor-accordion-item\">\n\t\t\t\t\t<div id=\"elementor-tab-title-2235\" class=\"elementor-tab-title\" data-tab=\"5\" role=\"button\" aria-controls=\"elementor-tab-content-2235\" aria-expanded=\"false\">\n\t\t\t\t\t\t\t\t\t\t\t\t\t<span class=\"elementor-accordion-icon elementor-accordion-icon-left\" aria-hidden=\"true\">\n\t\t\t\t\t\t\t\t\t\t\t\t\t\t\t<span class=\"elementor-accordion-icon-closed\"><i class=\"fas fa-plus\"><\/i><\/span>\n\t\t\t\t\t\t\t\t<span class=\"elementor-accordion-icon-opened\"><i class=\"fas fa-minus\"><\/i><\/span>\n\t\t\t\t\t\t\t\t\t\t\t\t\t\t<\/span>\n\t\t\t\t\t\t\t\t\t\t\t\t<a class=\"elementor-accordion-title\" tabindex=\"0\">Personal t\u00e9cnico, de gesti\u00f3n y de administraci\u00f3n y servicios<\/a>\n\t\t\t\t\t<\/div>\n\t\t\t\t\t<div id=\"elementor-tab-content-2235\" class=\"elementor-tab-content elementor-clearfix\" data-tab=\"5\" role=\"region\" aria-labelledby=\"elementor-tab-title-2235\"><p>Cruz\u00a0<span style=\"font-size: 13px;\">Viqueira\u00a0<\/span><span style=\"font-size: 13px;\">Mar\u00eda del Pilar<\/span><br \/>Franco\u00a0<span style=\"font-size: 13px;\">Trillo\u00a0<\/span><span style=\"font-size: 13px;\">Alicia<\/span><br \/>Lafuente\u00a0<span style=\"font-size: 13px;\">Paulos\u00a0<\/span><span style=\"font-size: 13px;\">Marta<\/span><br \/>Lodeiro\u00a0<span style=\"font-size: 13px;\">Hermida\u00a0<\/span><span style=\"font-size: 13px;\">\u00d3scar<\/span><br \/>Recarey\u00a0<span style=\"font-size: 13px;\">Bu\u00f1o\u00a0<\/span><span style=\"font-size: 13px;\">Mar\u00eda Jos\u00e9<\/span><br \/>Rivas\u00a0<span style=\"font-size: 13px;\">Quelle\u00a0<\/span><span style=\"font-size: 13px;\">Cathaysa<\/span><br \/>Roel\u00a0<span style=\"font-size: 13px;\">Vilas\u00a0<\/span><span style=\"font-size: 13px;\">Mar\u00eda del Pilar<\/span><br \/>V\u00e1zquez\u00a0<span style=\"font-size: 13px;\">Gonz\u00e1lez\u00a0<\/span><span style=\"font-size: 13px;\">Julia<\/span><br \/>Villar\u00a0<span style=\"font-size: 13px;\">Ar\u00e9valo\u00a0<\/span><span style=\"font-size: 13px;\">Javier<\/span><\/p><\/div>\n\t\t\t\t<\/div>\n\t\t\t\t\t\t\t\t<\/div>\n\t\t\t\t\t\t<\/div>\n\t\t\t\t<\/div>\n\t\t\t\t<div class=\"elementor-element elementor-element-6fbc67d elementor-widget elementor-widget-heading\" data-id=\"6fbc67d\" data-element_type=\"widget\" data-e-type=\"widget\" data-widget_type=\"heading.default\">\n\t\t\t\t<div class=\"elementor-widget-container\">\n\t\t\t\t\t<h2 class=\"elementor-heading-title elementor-size-default\">Actas<\/h2>\t\t\t\t<\/div>\n\t\t\t\t<\/div>\n\t\t\t\t<div class=\"elementor-element elementor-element-851fb95 elementor-widget elementor-widget-accordion\" data-id=\"851fb95\" data-element_type=\"widget\" data-e-type=\"widget\" data-widget_type=\"accordion.default\">\n\t\t\t\t<div class=\"elementor-widget-container\">\n\t\t\t\t\t\t\t<div class=\"elementor-accordion\">\n\t\t\t\t\t\t\t<div class=\"elementor-accordion-item\">\n\t\t\t\t\t<div id=\"elementor-tab-title-1391\" class=\"elementor-tab-title\" data-tab=\"1\" role=\"button\" aria-controls=\"elementor-tab-content-1391\" aria-expanded=\"false\">\n\t\t\t\t\t\t\t\t\t\t\t\t\t<span class=\"elementor-accordion-icon elementor-accordion-icon-left\" aria-hidden=\"true\">\n\t\t\t\t\t\t\t\t\t\t\t\t\t\t\t<span class=\"elementor-accordion-icon-closed\"><i class=\"fas fa-plus\"><\/i><\/span>\n\t\t\t\t\t\t\t\t<span class=\"elementor-accordion-icon-opened\"><i class=\"fas fa-minus\"><\/i><\/span>\n\t\t\t\t\t\t\t\t\t\t\t\t\t\t<\/span>\n\t\t\t\t\t\t\t\t\t\t\t\t<a class=\"elementor-accordion-title\" tabindex=\"0\">Actas 2026<\/a>\n\t\t\t\t\t<\/div>\n\t\t\t\t\t<div id=\"elementor-tab-content-1391\" class=\"elementor-tab-content elementor-clearfix\" data-tab=\"1\" role=\"region\" aria-labelledby=\"elementor-tab-title-1391\"><p style=\"text-align: left;\"><a href=\"https:\/\/caminos.udc.es\/hosting\/web\/wp-content\/uploads\/2026-02-19-XE_Acta_20260219.report.pdf\">\u00a0\u00a0\u00a0\u00a0\u00a0\u00a0\u00a0\u00a0\u00a0\u00a0\u00a0 19\/02\/2026<\/a><\/p><\/div>\n\t\t\t\t<\/div>\n\t\t\t\t\t\t\t<div class=\"elementor-accordion-item\">\n\t\t\t\t\t<div id=\"elementor-tab-title-1392\" class=\"elementor-tab-title\" data-tab=\"2\" role=\"button\" aria-controls=\"elementor-tab-content-1392\" aria-expanded=\"false\">\n\t\t\t\t\t\t\t\t\t\t\t\t\t<span class=\"elementor-accordion-icon elementor-accordion-icon-left\" aria-hidden=\"true\">\n\t\t\t\t\t\t\t\t\t\t\t\t\t\t\t<span class=\"elementor-accordion-icon-closed\"><i class=\"fas fa-plus\"><\/i><\/span>\n\t\t\t\t\t\t\t\t<span class=\"elementor-accordion-icon-opened\"><i class=\"fas fa-minus\"><\/i><\/span>\n\t\t\t\t\t\t\t\t\t\t\t\t\t\t<\/span>\n\t\t\t\t\t\t\t\t\t\t\t\t<a class=\"elementor-accordion-title\" tabindex=\"0\">Actas 2025<\/a>\n\t\t\t\t\t<\/div>\n\t\t\t\t\t<div id=\"elementor-tab-content-1392\" class=\"elementor-tab-content elementor-clearfix\" data-tab=\"2\" role=\"region\" aria-labelledby=\"elementor-tab-title-1392\"><p><strong><em><a href=\"https:\/\/udcgal.sharepoint.com\/:b:\/s\/ETSECCP-Actas\/Eb5mmOqSJf9Bgk2VsoUpjKwB7Qe59MEHVNx5dy4nae3ZkA?e=wTQ3li\">2025 &#8211; Febrero &#8211; d\u00eda 13<\/a><\/em><\/strong><\/p><p style=\"text-align: left;\"><a href=\"https:\/\/caminos.udc.es\/hosting\/web\/wp-content\/uploads\/2025-03-26-acta-XE.pdf\">\u00a0\u00a0\u00a0\u00a0\u00a0\u00a0\u00a0\u00a0\u00a0\u00a0\u00a0 26\/03\/2025<\/a><\/p><p style=\"text-align: left;\"><a href=\"https:\/\/caminos.udc.es\/hosting\/web\/wp-content\/uploads\/2025-04-25-acta-XE.pdf\">\u00a0\u00a0\u00a0\u00a0\u00a0\u00a0\u00a0\u00a0\u00a0\u00a0\u00a0 25\/04\/2025<\/a><\/p><p style=\"text-align: left;\"><a href=\"https:\/\/caminos.udc.es\/hosting\/web\/wp-content\/uploads\/2025-05-14-acta-XE.pdf\">\u00a0\u00a0\u00a0\u00a0\u00a0\u00a0\u00a0\u00a0\u00a0\u00a0\u00a0 14\/05\/2025<\/a><\/p><p style=\"text-align: left;\"><a href=\"https:\/\/caminos.udc.es\/hosting\/web\/wp-content\/uploads\/2025-07-24-XE_Acta_20250724.report.pdf\">\u00a0\u00a0\u00a0\u00a0\u00a0\u00a0\u00a0\u00a0\u00a0\u00a0\u00a0 24\/07\/2025<\/a><\/p><p style=\"text-align: left;\"><a href=\"https:\/\/caminos.udc.es\/hosting\/web\/wp-content\/uploads\/2025-09-18-XE_Acta_20250918.report.pdf\">\u00a0\u00a0\u00a0\u00a0\u00a0\u00a0\u00a0\u00a0\u00a0\u00a0\u00a0 18\/09\/2025<\/a><\/p><p style=\"text-align: left;\"><a href=\"https:\/\/caminos.udc.es\/hosting\/web\/wp-content\/uploads\/2025-10-16-XE_Acta_20251016.report.pdf\">\u00a0\u00a0\u00a0\u00a0\u00a0\u00a0\u00a0\u00a0\u00a0\u00a0\u00a0 16\/10\/2025<\/a><\/p><p style=\"text-align: left;\"><a href=\"https:\/\/caminos.udc.es\/hosting\/web\/wp-content\/uploads\/2025-11-04-XE_Acta_20251104.report.pdf\">\u00a0\u00a0\u00a0\u00a0\u00a0\u00a0\u00a0\u00a0\u00a0\u00a0\u00a0 04\/11\/2025<\/a><\/p><p style=\"text-align: left;\"><a href=\"https:\/\/caminos.udc.es\/hosting\/web\/wp-content\/uploads\/2025-11-20-XE_Acta_20251120.report.pdf\">\u00a0\u00a0\u00a0\u00a0\u00a0\u00a0\u00a0\u00a0\u00a0\u00a0\u00a0 20\/11\/2025<\/a><\/p><p style=\"text-align: left;\"><a href=\"https:\/\/caminos.udc.es\/hosting\/web\/wp-content\/uploads\/2025-12-18-XE_Acta_20251218.report.pdf\">\u00a0\u00a0\u00a0\u00a0\u00a0\u00a0\u00a0\u00a0\u00a0\u00a0\u00a0 18\/12\/2025<\/a><\/p><p style=\"text-align: left;\">\u00a0 \u00a0<\/p><\/div>\n\t\t\t\t<\/div>\n\t\t\t\t\t\t\t<div class=\"elementor-accordion-item\">\n\t\t\t\t\t<div id=\"elementor-tab-title-1393\" class=\"elementor-tab-title\" data-tab=\"3\" role=\"button\" aria-controls=\"elementor-tab-content-1393\" aria-expanded=\"false\">\n\t\t\t\t\t\t\t\t\t\t\t\t\t<span class=\"elementor-accordion-icon elementor-accordion-icon-left\" aria-hidden=\"true\">\n\t\t\t\t\t\t\t\t\t\t\t\t\t\t\t<span class=\"elementor-accordion-icon-closed\"><i class=\"fas fa-plus\"><\/i><\/span>\n\t\t\t\t\t\t\t\t<span class=\"elementor-accordion-icon-opened\"><i class=\"fas fa-minus\"><\/i><\/span>\n\t\t\t\t\t\t\t\t\t\t\t\t\t\t<\/span>\n\t\t\t\t\t\t\t\t\t\t\t\t<a class=\"elementor-accordion-title\" tabindex=\"0\">Actas 2024<\/a>\n\t\t\t\t\t<\/div>\n\t\t\t\t\t<div id=\"elementor-tab-content-1393\" class=\"elementor-tab-content elementor-clearfix\" data-tab=\"3\" role=\"region\" aria-labelledby=\"elementor-tab-title-1393\"><p><strong><em><a href=\"https:\/\/udcgal.sharepoint.com\/:b:\/s\/ETSECCP-Actas\/EYI83pXGquBGkTBig63dmfkBmsFBvlt3-KtLLUC7DRFP-Q?e=1gfRvl\">2024 &#8211; Marzo &#8211; d\u00eda 14<\/a><\/em><\/strong><\/p><p><strong><i><a href=\"https:\/\/udcgal.sharepoint.com\/:b:\/s\/ETSECCP-Actas\/EUdGhIheuuNKjWuyin0GV7MBznznn8TPvKxsSQiJsiGtNQ?e=G2w9UP\">2024 &#8211; Abril &#8211; d\u00eda 11<\/a><\/i><\/strong><\/p><p><strong><i><a href=\"https:\/\/udcgal.sharepoint.com\/:b:\/s\/ETSECCP-Actas\/EXmTXbyCh39HpBSVR2EpIucB2gbNdln6uEfW0cjMkYT9wg?e=fO6kIM\">2024 &#8211; Abril &#8211; d\u00eda 25<\/a><\/i><\/strong><\/p><p><strong><a href=\"https:\/\/udcgal.sharepoint.com\/:b:\/s\/ETSECCP-Actas\/Ec674y6GGtlLtzA0fad_QMUBBW6RFezPOPyT6obARL-glQ?e=Tqa6aW\"><i>2024 &#8211; Julio &#8211; d\u00eda 24<\/i><\/a><\/strong><\/p><p><a href=\"https:\/\/udcgal.sharepoint.com\/:b:\/s\/ETSECCP-Actas\/Eafn5gDZjX9Kk15Ruq-elBcBr4jMIrzLb66f409kSkPWEQ?e=xvK48t\"><b><i>2024 &#8211; Octubre &#8211; d\u00eda 10<\/i><\/b><\/a><\/p><p><a href=\"https:\/\/udcgal.sharepoint.com\/:b:\/s\/ETSECCP-Actas\/EY53n01PbahAts1LeV-xVpoBmbdOgY6ygntJn5yj8aL4LQ?e=7BMN1r\"><b><i>2024 &#8211; Octubre &#8211; d\u00eda 31<\/i><\/b><\/a><\/p><p><a href=\"https:\/\/udcgal.sharepoint.com\/:b:\/r\/sites\/ETSECCP-Actas\/Documentos%20compartidos\/03-XUNTA%20DE%20ESCOLA\/XE-Acta-2024-10-oct-d31\/XE-Actas-2024-10-oct-d31-aprobada-Anexo1-Memoria%20Verificacion-GIC-modificado%202.report.pdf?csf=1&amp;web=1&amp;e=ECiaWi\"><b><i>\u00a0 \u00a0 \u00a0 \u00a0 \u00a0 \u00a0Octubre &#8211; d\u00eda 31-Anexo 1<\/i><\/b><\/a><\/p><p><a href=\"https:\/\/udcgal.sharepoint.com\/:b:\/s\/ETSECCP-Actas\/EVJWcusvnGZBgr7zZpheSVoBTb5AEGsA7kMICIiLK7wYhA?e=YA01T9\"><b><i>\u00a0 \u00a0 \u00a0 \u00a0 \u00a0 \u00a0Octubre &#8211; d\u00eda 31-Anexo 2<\/i><\/b><\/a><\/p><p><a href=\"https:\/\/udcgal.sharepoint.com\/:b:\/s\/ETSECCP-Actas\/EXeZybblpUxOvGOqLd41tl0BTwewAvXIo_4XWWv5NN681Q?e=iavSNH\"><b><i>\u00a0 \u00a0 \u00a0 \u00a0 \u00a0 \u00a0Octubre &#8211; d\u00eda 31-Anexo 3<\/i><\/b><\/a><\/p><\/div>\n\t\t\t\t<\/div>\n\t\t\t\t\t\t\t<div class=\"elementor-accordion-item\">\n\t\t\t\t\t<div id=\"elementor-tab-title-1394\" class=\"elementor-tab-title\" data-tab=\"4\" role=\"button\" aria-controls=\"elementor-tab-content-1394\" aria-expanded=\"false\">\n\t\t\t\t\t\t\t\t\t\t\t\t\t<span class=\"elementor-accordion-icon elementor-accordion-icon-left\" aria-hidden=\"true\">\n\t\t\t\t\t\t\t\t\t\t\t\t\t\t\t<span class=\"elementor-accordion-icon-closed\"><i class=\"fas fa-plus\"><\/i><\/span>\n\t\t\t\t\t\t\t\t<span class=\"elementor-accordion-icon-opened\"><i class=\"fas fa-minus\"><\/i><\/span>\n\t\t\t\t\t\t\t\t\t\t\t\t\t\t<\/span>\n\t\t\t\t\t\t\t\t\t\t\t\t<a class=\"elementor-accordion-title\" tabindex=\"0\">Actas 2023<\/a>\n\t\t\t\t\t<\/div>\n\t\t\t\t\t<div id=\"elementor-tab-content-1394\" class=\"elementor-tab-content elementor-clearfix\" data-tab=\"4\" role=\"region\" aria-labelledby=\"elementor-tab-title-1394\"><p><a href=\"https:\/\/udcgal.sharepoint.com\/:b:\/s\/ETSECCP-Actas\/EfttmhbNAuNGpWXPN2BfN7gBWSpBUc2Xj2ckWLMc7g32Xw?e=dQBnTd\"><strong>2023 &#8211; Marzo &#8211; d\u00eda 23<\/strong><\/a><\/p><p><a href=\"https:\/\/udcgal.sharepoint.com\/:b:\/s\/ETSECCP-Actas\/Ef3yqVKbLrhHqpdCUXX4wckBjptL4Qagj9Bg83Oi_D8iaw?e=ZJzdcd\"><strong><em>2023 &#8211; Mayo &#8211; d\u00eda 4<\/em><\/strong><\/a><\/p><p><a href=\"https:\/\/udcgal.sharepoint.com\/:b:\/s\/ETSECCP-Actas\/EWePTQC9SVJHm823HnTd7wsBBOIZ3JRugoJQIcVnnwcjzA?e=vHvHpH\"><strong>2023 &#8211; Junio &#8211; d\u00eda 9<\/strong><\/a><\/p><p><a href=\"https:\/\/udcgal.sharepoint.com\/:b:\/s\/ETSECCP-Actas\/EdRxMU94YahIhiwWubdWPdUBS1q4OHvHu88fJkHH-4_GNg?e=DzFBGg\"><strong><em>2023 &#8211; Julio &#8211; d\u00eda 27<\/em><\/strong><\/a><\/p><p><a href=\"https:\/\/udcgal.sharepoint.com\/:b:\/s\/ETSECCP-Actas\/EX9J6XfHd61AgEUf8tK76v0BqcYooDqxPsI4tlnb7_JFxA?e=Geriqf\"><strong><em>2023 &#8211; Diciembre &#8211; d\u00eda 19<\/em><\/strong><\/a><\/p><\/div>\n\t\t\t\t<\/div>\n\t\t\t\t\t\t\t<div class=\"elementor-accordion-item\">\n\t\t\t\t\t<div id=\"elementor-tab-title-1395\" class=\"elementor-tab-title\" data-tab=\"5\" role=\"button\" aria-controls=\"elementor-tab-content-1395\" aria-expanded=\"false\">\n\t\t\t\t\t\t\t\t\t\t\t\t\t<span class=\"elementor-accordion-icon elementor-accordion-icon-left\" aria-hidden=\"true\">\n\t\t\t\t\t\t\t\t\t\t\t\t\t\t\t<span class=\"elementor-accordion-icon-closed\"><i class=\"fas fa-plus\"><\/i><\/span>\n\t\t\t\t\t\t\t\t<span class=\"elementor-accordion-icon-opened\"><i class=\"fas fa-minus\"><\/i><\/span>\n\t\t\t\t\t\t\t\t\t\t\t\t\t\t<\/span>\n\t\t\t\t\t\t\t\t\t\t\t\t<a class=\"elementor-accordion-title\" tabindex=\"0\">Actas 2022<\/a>\n\t\t\t\t\t<\/div>\n\t\t\t\t\t<div id=\"elementor-tab-content-1395\" class=\"elementor-tab-content elementor-clearfix\" data-tab=\"5\" role=\"region\" aria-labelledby=\"elementor-tab-title-1395\"><p><a href=\"https:\/\/udcgal.sharepoint.com\/:b:\/s\/ETSECCP-Actas\/ERUdeKSR7v9HpR3a9j56QcABa7zPeOES_esC3d_zBSoHvg?e=dWL9Be\"><strong>2022 &#8211; Febrero &#8211; d\u00eda 10<\/strong><\/a><\/p><p><a href=\"https:\/\/udcgal.sharepoint.com\/:b:\/s\/ETSECCP-Actas\/ETarV3MLuWZEmxfL7_2OKAUBw3_Jc-_KSqwg9ZtqyCt-Sw?e=j3kFKq\"><strong><em>2022 &#8211; Marzo &#8211; d\u00eda 31<\/em><\/strong><\/a><\/p><p><em><a href=\"https:\/\/udcgal.sharepoint.com\/:b:\/s\/ETSECCP-Actas\/ES8FWK947ZlOmcYjMe4xQYkB0L5J8Q599wzzanCk-L_UaA?e=etsjJn\"><strong>2022 &#8211; Abril \u2013 d\u00eda 28<\/strong><\/a><\/em><\/p><p><em><a href=\"https:\/\/udcgal.sharepoint.com\/:b:\/s\/ETSECCP-Actas\/ETGMfWZcfxdNpKU3eHH2wrIByovEgv-VPMkhgz-RtO3T2A?e=Hsw4oy\"><strong>2022 &#8211; Junio\u00a0 \u2013 d\u00eda 16<\/strong><\/a><\/em><\/p><p><em><a href=\"https:\/\/udcgal.sharepoint.com\/:b:\/s\/ETSECCP-Actas\/EfFaEGyur0ZBuKttfHaYBGkBdXApkogpLQxBwJbWXM8Dnw?e=6QM6n1\"><strong>2022 &#8211; Julio \u2013 d\u00eda 22<\/strong><\/a><\/em><\/p><p><em><a href=\"https:\/\/udcgal.sharepoint.com\/:b:\/s\/ETSECCP-Actas\/ERbTRmKBo6JJqx7QfjqoT1gBnKhGYkdQ1f212v8rX4OWHA?e=ofBne6\"><strong>2022 \u2013 Octubre \u2013 d\u00eda 6<\/strong><\/a><\/em><\/p><ul><li><a href=\"https:\/\/udcgal.sharepoint.com\/:b:\/s\/ETSECCP-Actas\/EUko8GgtfFJAnZvxscyewJIBDsYm7Hp9bvLBjaWAFSIKWg?e=adGiLM\">Texto aprobado<\/a><\/li><\/ul><p><em><a href=\"https:\/\/udcgal.sharepoint.com\/:b:\/s\/ETSECCP-Actas\/Ea6COPjprNxOnRuMp1Sl9fwBTBadvwUizHkkl7ze62KRhA?e=Ca8mKt\"><strong>2022 &#8211; Octubre \u2013 d\u00eda 27<\/strong><\/a><\/em><\/p><p><em><strong><a href=\"https:\/\/udcgal.sharepoint.com\/:b:\/s\/ETSECCP-Actas\/EXnE-vRjUNZPqRe8gzWzYEkBASYWbauoLPVIzovvzDf3NQ?e=BOAipg\">2022 \u2013 Noviembre \u2013 d\u00eda 17<\/a><\/strong><\/em><\/p><ul><li><a href=\"https:\/\/udcgal.sharepoint.com\/:b:\/s\/ETSECCP-Actas\/EbMinZ5uQg9JjH-KSAFt1r8BGGJdnQYfXuF5u7TaHSDxWg?e=7HCIA3\">Anexo 1. Propuesta titulaciones<\/a><\/li><li><a href=\"https:\/\/udcgal.sharepoint.com\/:b:\/s\/ETSECCP-Actas\/EbUT_z7S2P9KsSy2pR6ofykBFoO-FY8oEWFmkhQXF9Lo0g?e=fs08fa\">Anexo 2. Propuesta titulaciones (retirada)<\/a><\/li><li><a href=\"https:\/\/udcgal.sharepoint.com\/:b:\/s\/ETSECCP-Actas\/ESQkg-sMGrVLhYbwPPth4QQBxIsOw6vg3i_y_ur2I6agqw?e=Fy2enC\">Anexo 3. Propuesta titulaciones<\/a><\/li><li><a href=\"https:\/\/udcgal.sharepoint.com\/:b:\/s\/ETSECCP-Actas\/ERIpVbRySb9LhL5M5wLUgkwBo6NFB_sBGZTWKq9wflkh4g?e=Yr7CRI\">Anexo 4. Resultados votaci\u00f3n. Votos particulares<\/a><\/li><\/ul><p><em><strong><a href=\"https:\/\/udcgal.sharepoint.com\/:b:\/s\/ETSECCP-Actas\/EZvPUDiTQwZEkySwiPs-M9YBQrBWYwNAlL40QQvsC1t2hA?e=AxXtk8\">2022 \u2013 Diciembre \u2013 d\u00eda 19 (cont. dia 22)<\/a><\/strong><\/em><\/p><\/div>\n\t\t\t\t<\/div>\n\t\t\t\t\t\t\t<div class=\"elementor-accordion-item\">\n\t\t\t\t\t<div id=\"elementor-tab-title-1396\" class=\"elementor-tab-title\" data-tab=\"6\" role=\"button\" aria-controls=\"elementor-tab-content-1396\" aria-expanded=\"false\">\n\t\t\t\t\t\t\t\t\t\t\t\t\t<span class=\"elementor-accordion-icon elementor-accordion-icon-left\" aria-hidden=\"true\">\n\t\t\t\t\t\t\t\t\t\t\t\t\t\t\t<span class=\"elementor-accordion-icon-closed\"><i class=\"fas fa-plus\"><\/i><\/span>\n\t\t\t\t\t\t\t\t<span class=\"elementor-accordion-icon-opened\"><i class=\"fas fa-minus\"><\/i><\/span>\n\t\t\t\t\t\t\t\t\t\t\t\t\t\t<\/span>\n\t\t\t\t\t\t\t\t\t\t\t\t<a class=\"elementor-accordion-title\" tabindex=\"0\">Actas 2021<\/a>\n\t\t\t\t\t<\/div>\n\t\t\t\t\t<div id=\"elementor-tab-content-1396\" class=\"elementor-tab-content elementor-clearfix\" data-tab=\"6\" role=\"region\" aria-labelledby=\"elementor-tab-title-1396\"><p><em><a href=\"https:\/\/udcgal.sharepoint.com\/:b:\/s\/ETSECCP-Actas\/EdwtF5YfY6FJsUebjvNwUNsBo9v4Zk4ZswQHVEWzaFaFbQ?e=KLPa06\"><strong>2021 \u2013 Mayo \u2013 d\u00eda 21<\/strong><\/a><\/em><\/p><p><em><a href=\"https:\/\/udcgal.sharepoint.com\/:b:\/s\/ETSECCP-Actas\/Eb18p8RXYVtPu0SkyprfKB8B5_8VPrZ8lJssSgNLHCyG3w?e=r9MIn8\"><strong>2021 \u2013 Junio \u2013 d\u00eda 15<\/strong><\/a><\/em><\/p><p><em><a href=\"https:\/\/udcgal.sharepoint.com\/:b:\/s\/ETSECCP-Actas\/EY0nA1nXJgdLnOLrZOSReMIBHbAgsIU5OARQZneT63PFYA?e=f3TMCk\"><strong>2021 \u2013 Junio \u2013 d\u00eda 28<\/strong><\/a><strong>\u00a0 \u00a0 \u00a0\u00a0<\/strong><\/em><\/p><p><em><a href=\"https:\/\/udcgal.sharepoint.com\/:b:\/s\/ETSECCP-Actas\/EZZcf1dfR6tGqKz78cqj_WsBv-867CVXAhVYtw-eW4YRwQ?e=7QFaSt\"><strong>2021 \u2013 Julio \u2013 d\u00eda 30<\/strong><\/a><\/em><\/p><p><em><a href=\"https:\/\/udcgal.sharepoint.com\/:b:\/s\/ETSECCP-Actas\/ET4WbR3fQKxMok-NOfWjdeUB-kMYvwCORDEvUsoTw6r2YA?e=qJXAne\"><strong>2021 \u2013 Octubre \u2013 d\u00eda 7<\/strong><\/a><\/em><\/p><p><em><a href=\"https:\/\/udcgal.sharepoint.com\/:b:\/s\/ETSECCP-Actas\/Ee9w8kqQz-FDuOGnPcHOQR4BhkCYVSo4kCgVPlFYYkcv9A?e=7KG1Ei\"><strong> 2021 \u2013 Diciembre \u2013 d\u00eda 16<\/strong><\/a><\/em><\/p><\/div>\n\t\t\t\t<\/div>\n\t\t\t\t\t\t\t\t<\/div>\n\t\t\t\t\t\t<\/div>\n\t\t\t\t<\/div>\n\t\t\t\t\t<\/div>\n\t\t<\/div>\n\t\t\t\t\t<\/div>\n\t\t<\/section>\n\t\t\t\t<\/div>\n\t\t","protected":false},"excerpt":{"rendered":"<p>La Junta de Escuela es el \u00f3rgano colegiado de m\u00e1xima representaci\u00f3n. Le corresponden funciones de normativa interna, de control y de expresi\u00f3n de la posici\u00f3n y de las aspiraciones de la comunidad de la Escuela. &nbsp;&nbsp; &nbsp; Funciones Elegir a la direcci\u00f3n de la Escuela Elegir a los miembros de&#8230; <a class=\"continue-reading-link\" href=\"https:\/\/caminos.udc.es\/hosting\/web\/index.php\/junta-de-escuela\/\">Continue reading<\/a><\/p>\n","protected":false},"author":2,"featured_media":0,"parent":0,"menu_order":0,"comment_status":"closed","ping_status":"closed","template":"","meta":{"footnotes":""},"class_list":["post-4112","page","type-page","status-publish","hentry"],"yoast_head":"<!-- This site is optimized with the Yoast SEO plugin v25.6 - https:\/\/yoast.com\/wordpress\/plugins\/seo\/ -->\n<title>Junta de Escuela -<\/title>\n<meta name=\"robots\" content=\"index, follow, max-snippet:-1, max-image-preview:large, max-video-preview:-1\" \/>\n<link rel=\"canonical\" href=\"https:\/\/caminos.udc.es\/hosting\/web\/index.php\/junta-de-escuela\/\" \/>\n<meta property=\"og:locale\" content=\"es_ES\" \/>\n<meta property=\"og:type\" content=\"article\" \/>\n<meta property=\"og:title\" content=\"Junta de Escuela -\" \/>\n<meta property=\"og:description\" content=\"La Junta de Escuela es el \u00f3rgano colegiado de m\u00e1xima representaci\u00f3n. Le corresponden funciones de normativa interna, de control y de expresi\u00f3n de la posici\u00f3n y de las aspiraciones de la comunidad de la Escuela. &nbsp;&nbsp; &nbsp; Funciones Elegir a la direcci\u00f3n de la Escuela Elegir a los miembros de... Continue reading\" \/>\n<meta property=\"og:url\" content=\"https:\/\/caminos.udc.es\/hosting\/web\/index.php\/junta-de-escuela\/\" \/>\n<meta property=\"article:publisher\" content=\"https:\/\/www.facebook.com\/caminosudc\/\" \/>\n<meta property=\"article:modified_time\" content=\"2026-04-20T14:37:41+00:00\" \/>\n<meta name=\"twitter:card\" content=\"summary_large_image\" \/>\n<meta name=\"twitter:site\" content=\"@Caminos_UDC\" \/>\n<meta name=\"twitter:label1\" content=\"Tiempo de lectura\" \/>\n\t<meta name=\"twitter:data1\" content=\"3 minutos\" \/>\n<script type=\"application\/ld+json\" class=\"yoast-schema-graph\">{\"@context\":\"https:\/\/schema.org\",\"@graph\":[{\"@type\":\"WebPage\",\"@id\":\"https:\/\/caminos.udc.es\/hosting\/web\/index.php\/junta-de-escuela\/\",\"url\":\"https:\/\/caminos.udc.es\/hosting\/web\/index.php\/junta-de-escuela\/\",\"name\":\"Junta de Escuela -\",\"isPartOf\":{\"@id\":\"https:\/\/caminos.udc.es\/hosting\/web\/#website\"},\"datePublished\":\"2023-04-25T07:11:58+00:00\",\"dateModified\":\"2026-04-20T14:37:41+00:00\",\"breadcrumb\":{\"@id\":\"https:\/\/caminos.udc.es\/hosting\/web\/index.php\/junta-de-escuela\/#breadcrumb\"},\"inLanguage\":\"es\",\"potentialAction\":[{\"@type\":\"ReadAction\",\"target\":[\"https:\/\/caminos.udc.es\/hosting\/web\/index.php\/junta-de-escuela\/\"]}]},{\"@type\":\"BreadcrumbList\",\"@id\":\"https:\/\/caminos.udc.es\/hosting\/web\/index.php\/junta-de-escuela\/#breadcrumb\",\"itemListElement\":[{\"@type\":\"ListItem\",\"position\":1,\"name\":\"Portada\",\"item\":\"https:\/\/caminos.udc.es\/hosting\/web\/\"},{\"@type\":\"ListItem\",\"position\":2,\"name\":\"Junta de Escuela\"}]},{\"@type\":\"WebSite\",\"@id\":\"https:\/\/caminos.udc.es\/hosting\/web\/#website\",\"url\":\"https:\/\/caminos.udc.es\/hosting\/web\/\",\"name\":\"Escuela de Caminos UDC\",\"description\":\"\",\"publisher\":{\"@id\":\"https:\/\/caminos.udc.es\/hosting\/web\/#organization\"},\"potentialAction\":[{\"@type\":\"SearchAction\",\"target\":{\"@type\":\"EntryPoint\",\"urlTemplate\":\"https:\/\/caminos.udc.es\/hosting\/web\/?s={search_term_string}\"},\"query-input\":{\"@type\":\"PropertyValueSpecification\",\"valueRequired\":true,\"valueName\":\"search_term_string\"}}],\"inLanguage\":\"es\"},{\"@type\":\"Organization\",\"@id\":\"https:\/\/caminos.udc.es\/hosting\/web\/#organization\",\"name\":\"Escuela de Caminos, Canales y Puertos A Coru\u00f1a\",\"url\":\"https:\/\/caminos.udc.es\/hosting\/web\/\",\"logo\":{\"@type\":\"ImageObject\",\"inLanguage\":\"es\",\"@id\":\"https:\/\/caminos.udc.es\/hosting\/web\/#\/schema\/logo\/image\/\",\"url\":\"https:\/\/caminos.udc.es\/hosting\/web\/wp-content\/uploads\/2020\/08\/Logo-Puente.png\",\"contentUrl\":\"https:\/\/caminos.udc.es\/hosting\/web\/wp-content\/uploads\/2020\/08\/Logo-Puente.png\",\"width\":467,\"height\":120,\"caption\":\"Escuela de Caminos, Canales y Puertos A Coru\u00f1a\"},\"image\":{\"@id\":\"https:\/\/caminos.udc.es\/hosting\/web\/#\/schema\/logo\/image\/\"},\"sameAs\":[\"https:\/\/www.facebook.com\/caminosudc\/\",\"https:\/\/x.com\/Caminos_UDC\",\"https:\/\/es.wikipedia.org\/wiki\/Escuela_T\u00e9cnica_Superior_de_Ingenieros_de_Caminos,_Canales_y_Puertos_de_La_Coru\u00f1a\"]}]}<\/script>\n<!-- \/ Yoast SEO plugin. -->","yoast_head_json":{"title":"Junta de Escuela -","robots":{"index":"index","follow":"follow","max-snippet":"max-snippet:-1","max-image-preview":"max-image-preview:large","max-video-preview":"max-video-preview:-1"},"canonical":"https:\/\/caminos.udc.es\/hosting\/web\/index.php\/junta-de-escuela\/","og_locale":"es_ES","og_type":"article","og_title":"Junta de Escuela -","og_description":"La Junta de Escuela es el \u00f3rgano colegiado de m\u00e1xima representaci\u00f3n. Le corresponden funciones de normativa interna, de control y de expresi\u00f3n de la posici\u00f3n y de las aspiraciones de la comunidad de la Escuela. &nbsp;&nbsp; &nbsp; Funciones Elegir a la direcci\u00f3n de la Escuela Elegir a los miembros de... Continue reading","og_url":"https:\/\/caminos.udc.es\/hosting\/web\/index.php\/junta-de-escuela\/","article_publisher":"https:\/\/www.facebook.com\/caminosudc\/","article_modified_time":"2026-04-20T14:37:41+00:00","twitter_card":"summary_large_image","twitter_site":"@Caminos_UDC","twitter_misc":{"Tiempo de lectura":"3 minutos"},"schema":{"@context":"https:\/\/schema.org","@graph":[{"@type":"WebPage","@id":"https:\/\/caminos.udc.es\/hosting\/web\/index.php\/junta-de-escuela\/","url":"https:\/\/caminos.udc.es\/hosting\/web\/index.php\/junta-de-escuela\/","name":"Junta de Escuela -","isPartOf":{"@id":"https:\/\/caminos.udc.es\/hosting\/web\/#website"},"datePublished":"2023-04-25T07:11:58+00:00","dateModified":"2026-04-20T14:37:41+00:00","breadcrumb":{"@id":"https:\/\/caminos.udc.es\/hosting\/web\/index.php\/junta-de-escuela\/#breadcrumb"},"inLanguage":"es","potentialAction":[{"@type":"ReadAction","target":["https:\/\/caminos.udc.es\/hosting\/web\/index.php\/junta-de-escuela\/"]}]},{"@type":"BreadcrumbList","@id":"https:\/\/caminos.udc.es\/hosting\/web\/index.php\/junta-de-escuela\/#breadcrumb","itemListElement":[{"@type":"ListItem","position":1,"name":"Portada","item":"https:\/\/caminos.udc.es\/hosting\/web\/"},{"@type":"ListItem","position":2,"name":"Junta de Escuela"}]},{"@type":"WebSite","@id":"https:\/\/caminos.udc.es\/hosting\/web\/#website","url":"https:\/\/caminos.udc.es\/hosting\/web\/","name":"Escuela de Caminos UDC","description":"","publisher":{"@id":"https:\/\/caminos.udc.es\/hosting\/web\/#organization"},"potentialAction":[{"@type":"SearchAction","target":{"@type":"EntryPoint","urlTemplate":"https:\/\/caminos.udc.es\/hosting\/web\/?s={search_term_string}"},"query-input":{"@type":"PropertyValueSpecification","valueRequired":true,"valueName":"search_term_string"}}],"inLanguage":"es"},{"@type":"Organization","@id":"https:\/\/caminos.udc.es\/hosting\/web\/#organization","name":"Escuela de Caminos, Canales y Puertos A Coru\u00f1a","url":"https:\/\/caminos.udc.es\/hosting\/web\/","logo":{"@type":"ImageObject","inLanguage":"es","@id":"https:\/\/caminos.udc.es\/hosting\/web\/#\/schema\/logo\/image\/","url":"https:\/\/caminos.udc.es\/hosting\/web\/wp-content\/uploads\/2020\/08\/Logo-Puente.png","contentUrl":"https:\/\/caminos.udc.es\/hosting\/web\/wp-content\/uploads\/2020\/08\/Logo-Puente.png","width":467,"height":120,"caption":"Escuela de Caminos, Canales y Puertos A Coru\u00f1a"},"image":{"@id":"https:\/\/caminos.udc.es\/hosting\/web\/#\/schema\/logo\/image\/"},"sameAs":["https:\/\/www.facebook.com\/caminosudc\/","https:\/\/x.com\/Caminos_UDC","https:\/\/es.wikipedia.org\/wiki\/Escuela_T\u00e9cnica_Superior_de_Ingenieros_de_Caminos,_Canales_y_Puertos_de_La_Coru\u00f1a"]}]}},"_links":{"self":[{"href":"https:\/\/caminos.udc.es\/hosting\/web\/index.php\/wp-json\/wp\/v2\/pages\/4112","targetHints":{"allow":["GET"]}}],"collection":[{"href":"https:\/\/caminos.udc.es\/hosting\/web\/index.php\/wp-json\/wp\/v2\/pages"}],"about":[{"href":"https:\/\/caminos.udc.es\/hosting\/web\/index.php\/wp-json\/wp\/v2\/types\/page"}],"author":[{"embeddable":true,"href":"https:\/\/caminos.udc.es\/hosting\/web\/index.php\/wp-json\/wp\/v2\/users\/2"}],"replies":[{"embeddable":true,"href":"https:\/\/caminos.udc.es\/hosting\/web\/index.php\/wp-json\/wp\/v2\/comments?post=4112"}],"version-history":[{"count":262,"href":"https:\/\/caminos.udc.es\/hosting\/web\/index.php\/wp-json\/wp\/v2\/pages\/4112\/revisions"}],"predecessor-version":[{"id":6572,"href":"https:\/\/caminos.udc.es\/hosting\/web\/index.php\/wp-json\/wp\/v2\/pages\/4112\/revisions\/6572"}],"wp:attachment":[{"href":"https:\/\/caminos.udc.es\/hosting\/web\/index.php\/wp-json\/wp\/v2\/media?parent=4112"}],"curies":[{"name":"wp","href":"https:\/\/api.w.org\/{rel}","templated":true}]}}